{"id":789,"date":"2026-03-30T02:30:22","date_gmt":"2026-03-30T02:30:22","guid":{"rendered":"https:\/\/familylawnb.ca\/?page_id=789"},"modified":"2026-04-29T19:44:11","modified_gmt":"2026-04-29T19:44:11","slug":"nouvelles","status":"publish","type":"page","link":"https:\/\/familylawnb.ca\/fr\/a-propos-de-nous\/nouvelles\/","title":{"rendered":"Nouvelles"},"content":{"rendered":"<p><div class=\"fusion-fullwidth fullwidth-box fusion-builder-row-1 fusion-flex-container has-pattern-background has-mask-background nonhundred-percent-fullwidth non-hundred-percent-height-scrolling\" style=\"--awb-border-radius-top-left:0px;--awb-border-radius-top-right:0px;--awb-border-radius-bottom-right:0px;--awb-border-radius-bottom-left:0px;--awb-flex-wrap:wrap;\" ><div class=\"fusion-builder-row fusion-row fusion-flex-align-items-flex-start fusion-flex-content-wrap\" style=\"max-width:1729.52px;margin-left: calc(-4% \/ 2 );margin-right: calc(-4% \/ 2 );\"><div class=\"fusion-layout-column fusion_builder_column fusion-builder-column-0 fusion_builder_column_1_1 1_1 fusion-flex-column\" style=\"--awb-bg-size:cover;--awb-width-large:100%;--awb-margin-top-large:0px;--awb-spacing-right-large:1.92%;--awb-margin-bottom-large:20px;--awb-spacing-left-large:1.92%;--awb-width-medium:100%;--awb-order-medium:0;--awb-spacing-right-medium:1.92%;--awb-spacing-left-medium:1.92%;--awb-width-small:100%;--awb-order-small:0;--awb-spacing-right-small:1.92%;--awb-spacing-left-small:1.92%;\"><div class=\"fusion-column-wrapper fusion-column-has-shadow fusion-flex-justify-content-flex-start fusion-content-layout-column\"><div class=\"fusion-title title fusion-title-1 fusion-sep-none fusion-title-text fusion-title-size-one\"><h1 class=\"fusion-title-heading title-heading-left\" style=\"margin:0;\">Nouvelles<\/h1><\/div><\/div><\/div><\/div><\/div><div class=\"fusion-fullwidth fullwidth-box fusion-builder-row-2 fusion-flex-container has-pattern-background has-mask-background nonhundred-percent-fullwidth non-hundred-percent-height-scrolling\" style=\"--awb-border-radius-top-left:0px;--awb-border-radius-top-right:0px;--awb-border-radius-bottom-right:0px;--awb-border-radius-bottom-left:0px;--awb-flex-wrap:wrap;\" ><div class=\"fusion-builder-row fusion-row fusion-flex-align-items-flex-start fusion-flex-content-wrap\" style=\"max-width:1729.52px;margin-left: calc(-4% \/ 2 );margin-right: calc(-4% \/ 2 );\"><div class=\"fusion-layout-column fusion_builder_column fusion-builder-column-1 fusion_builder_column_1_1 1_1 fusion-flex-column\" style=\"--awb-bg-size:cover;--awb-width-large:100%;--awb-margin-top-large:0px;--awb-spacing-right-large:1.92%;--awb-margin-bottom-large:20px;--awb-spacing-left-large:1.92%;--awb-width-medium:100%;--awb-order-medium:0;--awb-spacing-right-medium:1.92%;--awb-spacing-left-medium:1.92%;--awb-width-small:100%;--awb-order-small:0;--awb-spacing-right-small:1.92%;--awb-spacing-left-small:1.92%;\"><div class=\"fusion-column-wrapper fusion-column-has-shadow fusion-flex-justify-content-flex-start fusion-content-layout-column\"><div class=\"fusion-blog-shortcode fusion-blog-shortcode-1 fusion-blog-archive fusion-blog-layout-large fusion-blog-pagination\" style=\"--awb-title-font-size:22px;\"><div class=\"fusion-posts-container fusion-posts-container-pagination\" data-pages=\"1\"><article id=\"blog-1-post-785\" class=\"fusion-post-large post-785 post type-post status-publish format-standard hentry category-nouvelles\">\n\t<style type=\"text\/css\">\n\t\t\n\t\t\n\t\t\n\t\t\n\t\t\t<\/style>\n\n\n<div class=\"fusion-post-content post-content\"><h4 class=\"blog-shortcode-post-title entry-title\"><a href=\"https:\/\/familylawnb.ca\/fr\/serie-de-webinaires-2025-sur-le-droit-de-la-famille\/\">S\u00e9rie de webinaires 2025 sur le droit de la famille<\/a><\/h4><div class=\"fusion-post-content-container\"><p> Le Service\u00a0public\u00a0d\u2019\u00e9ducation et d\u2019information juridiques du Nouveau-Brunswick (SPEIJ-NB) est ravi d\u2019annoncer le retour de sa s\u00e9rie de webinaires informatifs intitul\u00e9e\u00a0Naviguer le syst\u00e8me de justice en droit de la famille. Cette s\u00e9rie se d\u00e9roulera d\u2019octobre 2025 \u00e0 mars 2026. Ces webinaires s\u2019adressent aux personnes confront\u00e9es \u00e0 des enjeux de droit<a href=\"https:\/\/familylawnb.ca\/fr\/serie-de-webinaires-2025-sur-le-droit-de-la-famille\/\"> [...]<\/a><\/p><\/div><\/div><div class=\"fusion-clearfix\"><\/div><div class=\"fusion-meta-info\"><div class=\"fusion-alignleft\"><span class=\"vcard\" style=\"display: none;\"><span class=\"fn\"><a href=\"https:\/\/familylawnb.ca\/fr\/author\/fmlylw\/\" title=\"Articles par fmlylw\" rel=\"author\">fmlylw<\/a><\/span><\/span><span class=\"updated\" style=\"display:none;\">2026-03-30T02:26:11+00:00<\/span><span>octobre 2, 2025<\/span><span class=\"fusion-inline-sep\">|<\/span><\/div><div class=\"fusion-alignright\"><a class=\"fusion-read-more\" href=\"https:\/\/familylawnb.ca\/fr\/serie-de-webinaires-2025-sur-le-droit-de-la-famille\/\" aria-label=\"More on S\u00e9rie de webinaires 2025 sur le droit de la famille\">Read More<\/a><\/div><\/div><\/article>\n<article id=\"blog-1-post-777\" class=\"fusion-post-large post-777 post type-post status-publish format-standard hentry category-nouvelles\">\n\t<style type=\"text\/css\">\n\t\t\n\t\t\n\t\t\n\t\t\n\t\t\t<\/style>\n\n\n<div class=\"fusion-post-content post-content\"><h4 class=\"blog-shortcode-post-title entry-title\"><a href=\"https:\/\/familylawnb.ca\/fr\/nouvelles-videos-dinstructions-sur-le-droit-de-la-famille\/\">Nouvelles vid\u00e9os d\u2019instructions sur le droit de la famille<\/a><\/h4><div class=\"fusion-post-content-container\"><p> Le SPEIJ-NB a r\u00e9cemment compl\u00e9t\u00e9 deux vid\u00e9os d\u2019instructions sur des sujets li\u00e9s au droit de la famille : Obtenir son propre divorce au Nouveau-Brunswick\u00a0et Modifier une ordonnance de pension alimentaire pour enfants au Nouveau-Brunswick Ces vid\u00e9os donnent des instructions \u00e9tape par \u00e9tape sur comment g\u00e9rer votre propre affaire devant<a href=\"https:\/\/familylawnb.ca\/fr\/nouvelles-videos-dinstructions-sur-le-droit-de-la-famille\/\"> [...]<\/a><\/p><\/div><\/div><div class=\"fusion-clearfix\"><\/div><div class=\"fusion-meta-info\"><div class=\"fusion-alignleft\"><span class=\"vcard\" style=\"display: none;\"><span class=\"fn\"><a href=\"https:\/\/familylawnb.ca\/fr\/author\/fmlylw\/\" title=\"Articles par fmlylw\" rel=\"author\">fmlylw<\/a><\/span><\/span><span class=\"updated\" style=\"display:none;\">2026-04-27T20:34:08+00:00<\/span><span>mai 10, 2023<\/span><span class=\"fusion-inline-sep\">|<\/span><\/div><div class=\"fusion-alignright\"><a class=\"fusion-read-more\" href=\"https:\/\/familylawnb.ca\/fr\/nouvelles-videos-dinstructions-sur-le-droit-de-la-famille\/\" aria-label=\"More on Nouvelles vid\u00e9os d\u2019instructions sur le droit de la famille\">Read More<\/a><\/div><\/div><\/article>\n<article id=\"blog-1-post-768\" class=\"fusion-post-large post-768 post type-post status-publish format-standard hentry category-nouvelles\">\n\t<style type=\"text\/css\">\n\t\t\n\t\t\n\t\t\n\t\t\n\t\t\t<\/style>\n\n\n<div class=\"fusion-post-content post-content\"><h4 class=\"blog-shortcode-post-title entry-title\"><a href=\"https:\/\/familylawnb.ca\/fr\/tout-neuf-notre-13ieme-edition-de-notre-guide-obtenir-son-divorce-au-nouveau-brunswick\/\">Tout neuf, notre 13i\u00e8me \u00e9dition de notre guide Obtenir son divorce au Nouveau-Brunswick !<\/a><\/h4><div class=\"fusion-post-content-container\"><p> Le SPEIJ NB est heureux d'annoncer la sortie du 13e \u00e9dition de notre guide\u00a0Obtenir son propre divorce au Nouveau-Brunswick. Cette \u00e9dition refl\u00e8te la proc\u00e9dure en vertu des r\u00e8gles 81 et 72 des\u00a0R\u00e8gles de proc\u00e9dure\u00a0du Nouveau-Brunswick, les modifications les plus r\u00e9centes \u00e0 la\u00a0Loi sur le divorce, la\u00a0Loi sur le droit<a href=\"https:\/\/familylawnb.ca\/fr\/tout-neuf-notre-13ieme-edition-de-notre-guide-obtenir-son-divorce-au-nouveau-brunswick\/\"> [...]<\/a><\/p><\/div><\/div><div class=\"fusion-clearfix\"><\/div><div class=\"fusion-meta-info\"><div class=\"fusion-alignleft\"><span class=\"vcard\" style=\"display: none;\"><span class=\"fn\"><a href=\"https:\/\/familylawnb.ca\/fr\/author\/fmlylw\/\" title=\"Articles par fmlylw\" rel=\"author\">fmlylw<\/a><\/span><\/span><span class=\"updated\" style=\"display:none;\">2026-04-27T20:37:05+00:00<\/span><span>novembre 16, 2022<\/span><span class=\"fusion-inline-sep\">|<\/span><\/div><div class=\"fusion-alignright\"><a class=\"fusion-read-more\" href=\"https:\/\/familylawnb.ca\/fr\/tout-neuf-notre-13ieme-edition-de-notre-guide-obtenir-son-divorce-au-nouveau-brunswick\/\" aria-label=\"More on Tout neuf, notre 13i\u00e8me \u00e9dition de notre guide Obtenir son divorce au Nouveau-Brunswick !\">Read More<\/a><\/div><\/div><\/article>\n<article id=\"blog-1-post-761\" class=\"fusion-post-large post-761 post type-post status-publish format-standard hentry category-nouvelles\">\n\t<style type=\"text\/css\">\n\t\t\n\t\t\n\t\t\n\t\t\n\t\t\t<\/style>\n\n\n<div class=\"fusion-post-content post-content\"><h4 class=\"blog-shortcode-post-title entry-title\"><a href=\"https:\/\/familylawnb.ca\/fr\/obtenir-son-propre-divorce-non-conteste-pour-les-regions-de-moncton-et-saint-jean\/\">Obtenir son propre divorce non contest\u00e9 pour les r\u00e9gions de Moncton et Saint-Jean<\/a><\/h4><div class=\"fusion-post-content-container\"><p> [L\u2019atelier est pr\u00e9sent\u00e9 en anglais.] Le SPEIJ-NB organise un atelier en ligne intitul\u00e9 \u00ab Obtenir son propre divorce non contest\u00e9 pour les r\u00e9gions de Moncton et Saint-Jean\u00a0\u00bb le 4 octobre 2022 \u00e0 18h. Cet atelier sera pr\u00e9sent\u00e9 par Nadia Michaud, une avocate locale. Cet atelier fait partie d\u2019une s\u00e9rie<a href=\"https:\/\/familylawnb.ca\/fr\/obtenir-son-propre-divorce-non-conteste-pour-les-regions-de-moncton-et-saint-jean\/\"> [...]<\/a><\/p><\/div><\/div><div class=\"fusion-clearfix\"><\/div><div class=\"fusion-meta-info\"><div class=\"fusion-alignleft\"><span class=\"vcard\" style=\"display: none;\"><span class=\"fn\"><a href=\"https:\/\/familylawnb.ca\/fr\/author\/fmlylw\/\" title=\"Articles par fmlylw\" rel=\"author\">fmlylw<\/a><\/span><\/span><span class=\"updated\" style=\"display:none;\">2026-03-30T00:32:58+00:00<\/span><span>septembre 28, 2022<\/span><span class=\"fusion-inline-sep\">|<\/span><\/div><div class=\"fusion-alignright\"><a class=\"fusion-read-more\" href=\"https:\/\/familylawnb.ca\/fr\/obtenir-son-propre-divorce-non-conteste-pour-les-regions-de-moncton-et-saint-jean\/\" aria-label=\"More on Obtenir son propre divorce non contest\u00e9 pour les r\u00e9gions de Moncton et Saint-Jean\">Read More<\/a><\/div><\/div><\/article>\n<article id=\"blog-1-post-757\" class=\"fusion-post-large post-757 post type-post status-publish format-standard hentry category-nouvelles\">\n\t<style type=\"text\/css\">\n\t\t\n\t\t\n\t\t\n\t\t\n\t\t\t<\/style>\n\n\n<div class=\"fusion-post-content post-content\"><h4 class=\"blog-shortcode-post-title entry-title\"><a href=\"https:\/\/familylawnb.ca\/fr\/changements-de-noms-suite-au-deces-de-la-reine-elizabeth-ii\/\">Changements de noms suite au d\u00e9c\u00e8s de la reine Elizabeth II<\/a><\/h4><div class=\"fusion-post-content-container\"><p> Suite au d\u00e9c\u00e8s de la reine Elizabeth II et \u00e0 l\u2019accession au tr\u00f4ne du nouveau roi Charles III d\u2019Angleterre, certains termes juridiques changent. Partout o\u00f9 vous verrez \u00ab la Reine \u00bb sur ce site web, dans nos publications ou ailleurs dans le syst\u00e8me juridique, vous devrez en effet lire<a href=\"https:\/\/familylawnb.ca\/fr\/changements-de-noms-suite-au-deces-de-la-reine-elizabeth-ii\/\"> [...]<\/a><\/p><\/div><\/div><div class=\"fusion-clearfix\"><\/div><div class=\"fusion-meta-info\"><div class=\"fusion-alignleft\"><span class=\"vcard\" style=\"display: none;\"><span class=\"fn\"><a href=\"https:\/\/familylawnb.ca\/fr\/author\/fmlylw\/\" title=\"Articles par fmlylw\" rel=\"author\">fmlylw<\/a><\/span><\/span><span class=\"updated\" style=\"display:none;\">2026-03-30T00:29:28+00:00<\/span><span>septembre 20, 2022<\/span><span class=\"fusion-inline-sep\">|<\/span><\/div><div class=\"fusion-alignright\"><a class=\"fusion-read-more\" href=\"https:\/\/familylawnb.ca\/fr\/changements-de-noms-suite-au-deces-de-la-reine-elizabeth-ii\/\" aria-label=\"More on Changements de noms suite au d\u00e9c\u00e8s de la reine Elizabeth II\">Read More<\/a><\/div><\/div><\/article>\n<article id=\"blog-1-post-753\" class=\"fusion-post-large post-753 post type-post status-publish format-standard hentry category-nouvelles\">\n\t<style type=\"text\/css\">\n\t\t\n\t\t\n\t\t\n\t\t\n\t\t\t<\/style>\n\n\n<div class=\"fusion-post-content post-content\"><h4 class=\"blog-shortcode-post-title entry-title\"><a href=\"https:\/\/familylawnb.ca\/fr\/extension-des-heures-douverture-de-la-ligne-dinformation-sur-le-droit-de-la-famille\/\">Extension des heures d&rsquo;ouverture de la ligne d&rsquo;information sur le droit de la famille<\/a><\/h4><div class=\"fusion-post-content-container\"><p> Bonne nouvelle \u2013 notre ligne d'information sur le droit de la famille est maintenant ouverte plus tard les mercredis ! Du 17 ao\u00fbt au 28 octobre 2022, vous pouvez nous joindre les mercredis jusqu'\u00e0 18h00. Nos heures d'ouverture hebdomadaires sont les suivantes :  lundi 8 h 30 \u2013<a href=\"https:\/\/familylawnb.ca\/fr\/extension-des-heures-douverture-de-la-ligne-dinformation-sur-le-droit-de-la-famille\/\"> [...]<\/a><\/p><\/div><\/div><div class=\"fusion-clearfix\"><\/div><div class=\"fusion-meta-info\"><div class=\"fusion-alignleft\"><span class=\"vcard\" style=\"display: none;\"><span class=\"fn\"><a href=\"https:\/\/familylawnb.ca\/fr\/author\/fmlylw\/\" title=\"Articles par fmlylw\" rel=\"author\">fmlylw<\/a><\/span><\/span><span class=\"updated\" style=\"display:none;\">2026-03-30T00:25:43+00:00<\/span><span>ao\u00fbt 24, 2022<\/span><span class=\"fusion-inline-sep\">|<\/span><\/div><div class=\"fusion-alignright\"><a class=\"fusion-read-more\" href=\"https:\/\/familylawnb.ca\/fr\/extension-des-heures-douverture-de-la-ligne-dinformation-sur-le-droit-de-la-famille\/\" aria-label=\"More on Extension des heures d&rsquo;ouverture de la ligne d&rsquo;information sur le droit de la famille\">Read More<\/a><\/div><\/div><\/article>\n<article id=\"blog-1-post-747\" class=\"fusion-post-large post-747 post type-post status-publish format-standard hentry category-nouvelles\">\n\t<style type=\"text\/css\">\n\t\t\n\t\t\n\t\t\n\t\t\n\t\t\t<\/style>\n\n\n<div class=\"fusion-post-content post-content\"><h4 class=\"blog-shortcode-post-title entry-title\"><a href=\"https:\/\/familylawnb.ca\/fr\/le-speij-nb-celebre-la-reconnaissance-de-la-dre-deborah-doherty-29e-laureate-du-prix-annuel-de-la-fondation-muriel-mcqueen-fergusson\/\">Le SPEIJ-NB c\u00e9l\u00e8bre la reconnaissance de la Dre Deborah Doherty, 29e laur\u00e9ate du prix annuel de la Fondation Muriel McQueen Fergusson<\/a><\/h4><div class=\"fusion-post-content-container\"><p> Nous avons le grand plaisir d\u2019annoncer que \u00ab\u00a0notre\u00a0\u00bb Deborah Doherty, Ph. D., a r\u00e9cemment re\u00e7u le 29e\u00a0prix annuel de la Fondation Muriel McQueen Fergusson. Ce prix a \u00e9t\u00e9 cr\u00e9\u00e9 en 1992 pour souligner les contributions exceptionnelles en mati\u00e8re de pr\u00e9vention et d\u2019\u00e9limination de la violence familiale au Canada. Il<a href=\"https:\/\/familylawnb.ca\/fr\/le-speij-nb-celebre-la-reconnaissance-de-la-dre-deborah-doherty-29e-laureate-du-prix-annuel-de-la-fondation-muriel-mcqueen-fergusson\/\"> [...]<\/a><\/p><\/div><\/div><div class=\"fusion-clearfix\"><\/div><div class=\"fusion-meta-info\"><div class=\"fusion-alignleft\"><span class=\"vcard\" style=\"display: none;\"><span class=\"fn\"><a href=\"https:\/\/familylawnb.ca\/fr\/author\/fmlylw\/\" title=\"Articles par fmlylw\" rel=\"author\">fmlylw<\/a><\/span><\/span><span class=\"updated\" style=\"display:none;\">2026-04-29T19:37:13+00:00<\/span><span>juin 16, 2022<\/span><span class=\"fusion-inline-sep\">|<\/span><\/div><div class=\"fusion-alignright\"><a class=\"fusion-read-more\" href=\"https:\/\/familylawnb.ca\/fr\/le-speij-nb-celebre-la-reconnaissance-de-la-dre-deborah-doherty-29e-laureate-du-prix-annuel-de-la-fondation-muriel-mcqueen-fergusson\/\" aria-label=\"More on Le SPEIJ-NB c\u00e9l\u00e8bre la reconnaissance de la Dre Deborah Doherty, 29e laur\u00e9ate du prix annuel de la Fondation Muriel McQueen Fergusson\">Read More<\/a><\/div><\/div><\/article>\n<article id=\"blog-1-post-738\" class=\"fusion-post-large post-738 post type-post status-publish format-standard hentry category-nouvelles\">\n\t<style type=\"text\/css\">\n\t\t\n\t\t\n\t\t\n\t\t\n\t\t\t<\/style>\n\n\n<div class=\"fusion-post-content post-content\"><h4 class=\"blog-shortcode-post-title entry-title\"><a href=\"https:\/\/familylawnb.ca\/fr\/modifications-a-la-loi-sur-le-divorce-et-la-loi-sur-le-droit-de-la-famille\/\">Modifications \u00e0 la Loi sur le divorce et la Loi sur le droit de la famille<\/a><\/h4><div class=\"fusion-post-content-container\"><p> Le 1 mars, 2021, les modifications de la Loi sur le divorce au Canada et de la Loi sur le droit de la famille du Nouveau-Brunswick entreront en vigueur. Les modifications l\u00e9gislatives \u00e0 la Loi sur le divorce et la Loi sur le droit de la famille vont remplacer<a href=\"https:\/\/familylawnb.ca\/fr\/modifications-a-la-loi-sur-le-divorce-et-la-loi-sur-le-droit-de-la-famille\/\"> [...]<\/a><\/p><\/div><\/div><div class=\"fusion-clearfix\"><\/div><div class=\"fusion-meta-info\"><div class=\"fusion-alignleft\"><span class=\"vcard\" style=\"display: none;\"><span class=\"fn\"><a href=\"https:\/\/familylawnb.ca\/fr\/author\/fmlylw\/\" title=\"Articles par fmlylw\" rel=\"author\">fmlylw<\/a><\/span><\/span><span class=\"updated\" style=\"display:none;\">2026-04-27T20:40:12+00:00<\/span><span>mars 1, 2021<\/span><span class=\"fusion-inline-sep\">|<\/span><\/div><div class=\"fusion-alignright\"><a class=\"fusion-read-more\" href=\"https:\/\/familylawnb.ca\/fr\/modifications-a-la-loi-sur-le-divorce-et-la-loi-sur-le-droit-de-la-famille\/\" aria-label=\"More on Modifications \u00e0 la Loi sur le divorce et la Loi sur le droit de la famille\">Read More<\/a><\/div><\/div><\/article>\n<\/div><\/div><\/div><\/div><\/div><\/div><\/p>\n","protected":false},"excerpt":{"rendered":"","protected":false},"author":1,"featured_media":0,"parent":139,"menu_order":0,"comment_status":"closed","ping_status":"closed","template":"","meta":{"footnotes":""},"class_list":["post-789","page","type-page","status-publish","hentry"],"_links":{"self":[{"href":"https:\/\/familylawnb.ca\/fr\/wp-json\/wp\/v2\/pages\/789","targetHints":{"allow":["GET"]}}],"collection":[{"href":"https:\/\/familylawnb.ca\/fr\/wp-json\/wp\/v2\/pages"}],"about":[{"href":"https:\/\/familylawnb.ca\/fr\/wp-json\/wp\/v2\/types\/page"}],"author":[{"embeddable":true,"href":"https:\/\/familylawnb.ca\/fr\/wp-json\/wp\/v2\/users\/1"}],"replies":[{"embeddable":true,"href":"https:\/\/familylawnb.ca\/fr\/wp-json\/wp\/v2\/comments?post=789"}],"version-history":[{"count":2,"href":"https:\/\/familylawnb.ca\/fr\/wp-json\/wp\/v2\/pages\/789\/revisions"}],"predecessor-version":[{"id":991,"href":"https:\/\/familylawnb.ca\/fr\/wp-json\/wp\/v2\/pages\/789\/revisions\/991"}],"up":[{"embeddable":true,"href":"https:\/\/familylawnb.ca\/fr\/wp-json\/wp\/v2\/pages\/139"}],"wp:attachment":[{"href":"https:\/\/familylawnb.ca\/fr\/wp-json\/wp\/v2\/media?parent=789"}],"curies":[{"name":"wp","href":"https:\/\/api.w.org\/{rel}","templated":true}]}}